{"id":764,"date":"2025-03-25T15:57:15","date_gmt":"2025-03-25T15:57:15","guid":{"rendered":"https:\/\/www.opolsku.cz\/?page_id=764"},"modified":"2025-09-03T08:48:57","modified_gmt":"2025-09-03T08:48:57","slug":"o-nas","status":"publish","type":"page","link":"https:\/\/www.opolsku.cz\/pl\/o-nas\/","title":{"rendered":"O nas"},"content":{"rendered":"<p><img decoding=\"async\" class=\"alignnone size-full wp-image-1222\" src=\"https:\/\/www.opolsku.cz\/wp-content\/uploads\/2025\/04\/logo.png\" alt=\"\" width=\"202\" height=\"199\" \/>Gospodarcze kontakty czesko-polskie zawsze stanowi\u0142y podstaw\u0119 s\u0105siedzkich stosunk\u00f3w mi\u0119dzy Czechami i Polakami.<\/p>\n<p>Pomys\u0142 za\u0142o\u017cycieli Czesko-Polskiej Izby Handlowej (CZPIH) polega\u0142 na wykorzystaniu d\u0142ugoletniej tradycji wzajemnych relacji gospodarczych i uznaniu niebagatelnych osi\u0105gni\u0119\u0107 z uwzgl\u0119dnieniem powrotu naszych kraj\u00f3w do zasad gospodarki rynkowej maj\u0105c r\u00f3wnie\u017c na uwadze poziom wiedzy za\u0142o\u017cycieli nowych podmiot\u00f3w gospodarczych.<\/p>\n<p>Wszystkie te aspekty, podobnie jak i uwarunkowania polityczne, rzutowa\u0142y na pocz\u0105tki dzia\u0142alno\u015bci Izby i determinowa\u0142y jej priorytety. Przed za\u0142o\u017cycielami Izby sta\u0142o zadanie opracowania i pokazanie konkretnych metod, form i kierunk\u00f3w dzia\u0142ania, kt\u00f3re by\u0142yby odpowiedzi\u0105 na konkretne i obiektywne potrzeby wsp\u00f3\u0142pracy gospodarczej pomi\u0119dzy Polsk\u0105 a Czechami.<\/p>\n<p>Powo\u0142anie Czesko \u2013 Polskiej Izby Handlowej, co nale\u017cy mocno podkre\u015bli\u0107, zosta\u0142o w znacznym stopniu \u201ewymuszone\u201d przez podmioty gospodarcze dzia\u0142aj\u0105ce na obu rynkach oraz og\u00f3lnym stanem post\u0119puj\u0105cej integracji.<\/p>\n<p>Pod koniec lat dziewi\u0119\u0107dziesi\u0105tych ubieg\u0142ego wieku si\u0142\u0105 nap\u0119dow\u0105 rozwoju stosunk\u00f3w gospodarczych by\u0142y g\u0142\u00f3wnie ma\u0142e i \u015brednie przedsi\u0119biorstwa prywatne, cz\u0119sto nawet samodzielni rzemie\u015blnicy czy handlowcy. Jednak przedsi\u0119biorcy mieli niewiele do\u015bwiadcze\u0144 w tego typu dzia\u0142alno\u015bci, wi\u0119kszo\u015b\u0107 z nich dopiero od kilku lat pr\u00f3bowa\u0142a prowadzenia interesu w swoim kraju, na w\u0142asnych b\u0142\u0119dach uczy\u0142a si\u0119 porusza\u0107 na rynku i podejmowa\u0107 pr\u00f3by przenikania na rynek s\u0105siedniego kraju. W\u00a0tym czasie natrafia\u0142a jeszcze na szereg barier, z kt\u00f3rymi przedsi\u0119biorcy musieli si\u0119 boryka\u0107. Odczuwalny by\u0142 brak wsp\u00f3lnej reprezentacji interes\u00f3w wsp\u00f3\u0142pracuj\u0105cych podmiot\u00f3w wobec instytucji i urz\u0119d\u00f3w, a nawet organ\u00f3w ustawodawczych, kt\u00f3re mog\u0142yby spowodowa\u0107 likwidacj\u0119 najbardziej dokuczliwych barier przeszkadzaj\u0105cych przedsi\u0119biorcom w ich biznesie i wzajemnym handlu.<\/p>\n<p>Pierwsz\u0105 zorganizowan\u0105, wsp\u00f3ln\u0105 platform\u0105 polskich i czeskich podmiot\u00f3w gospodarczych by\u0142o Stowarzyszenie Czesko-Polskiego Biznesu PROINFO, kt\u00f3re powsta\u0142o, przy poparciu Konsulatu Generalnego Rzeczypospolitej Polskiej w Ostrawie oraz Konsulatu Generalnego Republiki Czeskiej w Katowicach w 1996 roku. Prezesem Stowarzyszenia zosta\u0142a Pani Danuta Przeczek.<\/p>\n<p>Organizacja ta z siedzib\u0105 w Ostrawie by\u0142a dobrowolnym stowarzyszeniem podmiot\u00f3w fizycznych i prawnych, prowadz\u0105cych dzia\u0142alno\u015b\u0107 gospodarcz\u0105. Powsta\u0142a ona z potrzeby lepszego wykorzystania mo\u017cliwo\u015bci przygranicznych region\u00f3w Czech i Polski do o wiele wi\u0119kszej i bogatszej wsp\u00f3\u0142pracy w najr\u00f3\u017cniejszych dziedzinach. Organizowa\u0142o doradztwo fachowe, seminaria, wyk\u0142ady, wspiera\u0142o doskonalenie fachowe swych cz\u0142onk\u00f3w i prowadzi\u0142o ich do rzetelnego stosunku do partner\u00f3w handlowych i klient\u00f3w, a przez to do podnoszenia poziomu us\u0142ug. Stowarzyszenie Czesko-Polskiego Biznesu PROINFO pe\u0142ni\u0142o rol\u0119 informatora, koordynatora i gwaranta wybranych imprez wp\u0142ywaj\u0105cych na rozw\u00f3j czesko-polskiej wsp\u00f3\u0142pracy.<\/p>\n<p><strong><u>\u00a0<\/u><\/strong><\/p>\n<p><strong>\u00a0<\/strong><\/p>\n<p><strong>Powstanie CZPIH<\/strong><\/p>\n<p>&nbsp;<\/p>\n<p>Korzystaj\u0105c z do\u015bwiadczenia Stowarzyszenia PROINFO w 1998 r. powo\u0142ano do \u017cycia Czesko-Polsk\u0105 Izb\u0119 Handlow\u0105. Od pocz\u0105tku zrzesza\u0142a ona czeskie i polskie podmioty gospodarcze, osoby prawne i fizyczne maj\u0105ce na celu rozw\u00f3j stosunk\u00f3w handlowych oraz wsp\u00f3\u0142pracy czesko-polskiej.<\/p>\n<p>Cz\u0142onkami Izby s\u0105 zar\u00f3wno du\u017ce przedsi\u0119biorstwa, jak i ma\u0142e firmy i przedsi\u0119biorcy. Zakres dzia\u0142alno\u015bci obejmuje produkcj\u0119, handel i us\u0142ugi. Bran\u017ce dominuj\u0105ce po\u015br\u00f3d firm cz\u0142onkowskich to: przemys\u0142 hutniczy, maszynowy, budownictwo, przemys\u0142 chemiczny, us\u0142ugi projektowe i in\u017cynieryjne, elektrotechnika, ekologia, wykorzystanie \u017ar\u00f3de\u0142 odnawialnych, handel paliwami, transport, IT, reklama, realizacja targ\u00f3w, \u017cywno\u015b\u0107 \u2013 suplementy diety, finanse. Najwa\u017cniejsze z firm za\u0142o\u017cycielskich to T\u0159ineck\u00e9 \u017eelez\u00e1rny, a.s., \u0158et\u011bz\u00e1rna \u010cesk\u00e1 Ves, a.s., Severomoravsk\u00e9 vodovody a kanalizace Ostrava, a.s.<\/p>\n<p>Osobami, kt\u00f3re przygotowa\u0142y i opracowa\u0142y niezb\u0119dne dokumenty pozwalajace uruchomi\u0107 procedury formalno-prawne w celu powo\u0142ania CZPIH byli:<\/p>\n<p>in\u017c. Milan Peprn\u00edk \u2013 Konsul Handlowy Konsulatu Generalnego Republiki Czeskiej w Katowicach, in\u017c. Henryk Michalski \u2013 przedsi\u0119biorca, Danuta Przeczkov\u00e1 \u2013 Prezes Stowarzyszenia PROINFO, Irena Litauszka \u2013 przedsi\u0119biorca, Old\u0159ich Hou\u0161ka \u2013 dziennikarz oraz Barbara Kurzejov\u00e1 \u2013 pracownik Stowarzyszenia PROINFO.<\/p>\n<p><strong>24 wrze\u015bnia 1998<\/strong> roku odby\u0142o si\u0119 w Domu Polskim w Ostrawie Konstytuuj\u0105ce Walne Zgromadzenie Czesko-Polskiej Izby Handlowej. Powo\u0142any zosta\u0142 Zarz\u0105d Izby w sk\u0142adzie: doc in\u017c. Ji\u0159\u00ed Cie\u0144cia\u0142a, CSc. \u2013 Prezes Zarz\u0105du i Dyrektor Generalny Huty Trzynieckiej S.A., in\u017c. Milan Peprn\u00edk \u2013 Konsul Konsulatu Generalnego RC w Katowicach, mgr in\u017c. Marian Ozimek \u2013 Konsul Konsulatu Generalnego RP w Ostrawie, Danuta Przeczek \u2013 Prezes Zarz\u0105du Stowarzyszenia Czesko-Polskiego Biznesu PROINFO oraz in\u017c. Vladim\u00edr Jirka \u2013 Dyrektor Regionalnej Izby Gospodarczej w Hradcu Kralowej.<\/p>\n<p>W lutym 1999 r. utworzenie Izby zatwierdzone zosta\u0142o przez Ministerstwo Przemys\u0142u i Handlu Republiki Czeskiej pismem ministra doc in\u017c. Miroslava Gr\u00e9gra a w marcu Izba zosta\u0142a zarejestrowana jako osoba prawna w Okr\u0119gowym S\u0105dzie Handlowym w Ostrawie oraz uzyska\u0142a zezwolenie na dzia\u0142alno\u015b\u0107 gospodarcz\u0105.<\/p>\n<p>&nbsp;<\/p>\n<p>CZPIH zmieni\u0142a swoj\u0105 form\u0119 prawn\u0105 w dniu 6 stycznia 2022 r. na zarejestrowane stowarzyszenie w zgodnie z postanowieniem \u00a7 214 ustawy nr 89\/2012 Dz.U., Kodeksu cywilnego.<\/p>\n<p><strong><u>\u00a0<\/u><\/strong><\/p>\n<p><strong>Ukierunkowanie dzia\u0142alno\u015bci CZPIH<\/strong><\/p>\n<p>&nbsp;<\/p>\n<p>Kierunki dzia\u0142alno\u015bci w pierwszym okresie opiera\u0142y si\u0119 na do\u015bwiadczeniach izb handlowych, stowarzysze\u0144, klub\u00f3w itp. a zw\u0142aszcza uwzgl\u0119dnia\u0142y potrzeby aktualnych i potencjalnych cz\u0142onk\u00f3w. Du\u017ce rezerwy znajdowa\u0142y si\u0119 tak\u017ce we wsp\u00f3\u0142pracy handlowej ma\u0142ych i \u015brednich podmiot\u00f3w gospodarczych, dla kt\u00f3rych szukano mo\u017cliwo\u015bci dost\u0119pu do obiektywnej i kompleksowej informacji o warunkach czesko-polskiej wsp\u00f3\u0142pracy handlowej. <strong>Dzia\u0142alno\u015bci r\u00f3wnie\u017c towarzyszy\u0142y odczuwalne przeszkody zwi\u0105zane za narastaj\u0105c\u0105 konkurencj\u0105.<\/strong><\/p>\n<p>Hamulcem rozwoju obustronnie korzystnej wsp\u00f3\u0142pracy by\u0142y przeszkody prawno-legislacyjne, warunki i zasady uzyskiwania potrzebnych \u017ar\u00f3de\u0142 finansowania w celu realizacji obustronnie korzystnych operacji handlowych, r\u00f3wnie\u017c bariera j\u0119zykowa oraz brak obuj\u0119zycznych pracownik\u00f3w.<\/p>\n<p>Kierunki dzia\u0142alno\u015bci CZPIH opiera\u0142y si\u0119 wi\u0119c na organizacji wsp\u00f3lnego uczestnictwa w wystawach oraz ekspozycjach, np.: Moravia Medica, METAL w Ostrawie, Czeskie Dni na Dolnym \u015al\u0105sku, Targi Budownictwa w Krakowie, III Targi Drogownictwa DROGPOL Krak\u00f3w, TARGBUD w Katowicach, Mi\u0119dzynarodowe Targi Maszynowe w Brnie, Targi Innowacji Gospodarczych i Naukowych w Katowicach, TRAVEL EXPO w Pradze i wielu innych.<\/p>\n<p>Kojarzenie firm to wa\u017cna dzia\u0142alno\u015b\u0107 Izby u\u0142atwiaj\u0105ca jej cz\u0142onkom nawi\u0105zanie kontakt\u00f3w mi\u0119dzynarodowych poprzez indywidualne prezentacje firm. Np. prezentacja firmy Medium Soft odby\u0142a si\u0119 w Konsulacie Generalnym RC w Katowicach, w Ambasadzie RC w Warszawie oraz w Ja\u015ble, impreza promocyjna firmy Qualichem Sp. z o.o. odby\u0142a si\u0119 w Katowicach, firmy AGRO z Wodzis\u0142awia \u015al\u0105skiego odby\u0142a si\u0119 w siedzibie Czesko-Polskiej Izby Handlowej w Ostrawie, firmy LAMBDA-PI Sp. z o.o. w Zameczku \u0141owieckim w Szilherzowicach.<\/p>\n<p>&nbsp;<\/p>\n<p><strong>CZPIH organizatorem licznych imprez<\/strong><\/p>\n<p>&nbsp;<\/p>\n<p>CZPIH sta\u0142a si\u0119 organizatorem licznych konferencji i seminari\u00f3w, czyli spotka\u0144 biznesowych przeznaczonych dla wymiany informacji odnosz\u0105cych si\u0119 do r\u00f3\u017cnych dziedzin prowadzenia dzia\u0142alno\u015bci gospodarczej, wsp\u00f3\u0142pracy transgranicznej, zagadnie\u0144 prawnych, zam\u00f3wie\u0144 publicznych, wymianie do\u015bwiadcze\u0144 bran\u017cowych pomi\u0119dzy przedsi\u0119biorcami obu pa\u0144stw i omawianiu zagadnie\u0144 zwi\u0105zanych z dzia\u0142alno\u015bci\u0105 oraz zarz\u0105dzaniem przedsi\u0119biorstwami.<\/p>\n<p>Odby\u0142y si\u0119 na przyk\u0142ad: Seminarium Izby Budownictwa, Seminarium \u201eWarunki prowadzenia dzia\u0142alno\u015bci gospodarczej w Polsce\u201c, Seminarium w Cz\u0119stochowie, na kt\u00f3rym CZPIH podpisa\u0142a umow\u0119 o wsp\u00f3\u0142pracy z Mi\u0119dzyregionalnym Stowarzyszeniem Gospodarczym, \u015awiatowa Konferencja Gospodarcza Polonii, Seminarium \u201eEuroregionalne dofinansowane z funduszy Phare\u201d, Misja Gospodarcza Polskich Przedsi\u0119biorc\u00f3w Budowlanych w dziedzinie ustawodawstwa, Konferencja \u201eJak promowa\u0107 polskie firmy i wyroby w Republice Czeskiej\u201d, spotkanie robocze \u201eUwarunkowania proceduralno-prawne w ksi\u0119gowo\u015bci handlowej polskiej i czeskiej\u201d, seminarium \u201eJak rozpocz\u0105\u0107 dzia\u0142alno\u015b\u0107 gospodarcz\u0105 w Republice Czeskiej?\u201d, spotkanie Czesko-Polskiego Biznesu w Katowicach z okazji \u015bwi\u0119ta pa\u0144stwowego, konferencja \u201eCzesko-Polski Dzie\u0144 Energetyki\u201d, Europejski Kongres Gospodarczy jedno z najwa\u017cniejszych wydarze\u0144 biznesowych w Europie \u015arodkowej.<\/p>\n<p><strong><u>\u00a0<\/u><\/strong><\/p>\n<p><strong>Projekty unijne CZPIH<\/strong><\/p>\n<p>&nbsp;<\/p>\n<p>Czesko-Polska Izba Handlowa z.s. aktywnie w\u0142\u0105czy\u0142a si\u0119 te\u017c do realizacji projekt\u00f3w unijnych umo\u017cliwiaj\u0105cych pomoc w restrukturyzacji i modernizacji gospodarki kraj\u00f3w cz\u0142onkowskich drog\u0105 wsparcia w kluczowych sektorach i regionach, jak chocia\u017cby w programie operacyjnym \u201ePrzygraniczna wsp\u00f3\u0142praca w latach 2007 \u2013 2013\u201d czy projekt \u201eEksportowy potencja\u0142 gospodarczy na terenach przygranicznych\u201d. Dotacje stanowi\u0142y dodatkowe \u017ar\u00f3d\u0142o finansowania dla przedsi\u0119biorstw i mia\u0142y pozytywny wp\u0142yw na rozw\u00f3j przedsi\u0119biorstw oraz na poprawienie ich konkurencyjno\u015bci na rynku. CZPIH poprzez realizacj\u0119 projekt\u00f3w uzyska\u0142a dofinansowanie w\u0142asnej dzia\u0142alno\u015bci, a tym samym podniesienie rangi us\u0142ug oferowanych dla firm cz\u0142onkowskich, ale i dla pozosta\u0142ych zainteresowanych wsp\u00f3\u0142prac\u0105 czesko-polsk\u0105.<\/p>\n<p>&nbsp;<\/p>\n<p><strong><u>\u00a0<\/u><\/strong><\/p>\n<p><strong>Tradycyjne Spotkania Biznesu z Czech, Polski i S\u0142owacji w Ostrawie<\/strong><\/p>\n<p>&nbsp;<\/p>\n<p>Najwa\u017cniejsz\u0105 i najwi\u0119ksz\u0105 coroczn\u0105 imprez\u0105 CZPIH sta\u0142y si\u0119 Spotkania Biznesu, kt\u00f3re odbywaj\u0105 si\u0119 w ogrodach Konsulatu Generalnego RP w Ostrawie, kt\u00f3re zota\u0142y zainicjowane w roku 1997 przez Stowarzyszenie Czesko-Polskiego Biznesu PROINFO przy wsp\u00f3\u0142pracy z Wydzia\u0142em Handlowym Konsulatu Generalnego RP w Ostrawie.<\/p>\n<p>CZPIH przej\u0119\u0142a t\u0119 inicjatyw\u0119 w 2000 roku i znacznie poszerzy\u0142a koncepcj\u0119 spotka\u0144. Obecnie maj\u0105 one na celu: wspieranie i rozw\u00f3j czesko-polskich kontakt\u00f3w. W ostatnich latach cz\u0119\u015bci\u0105 sk\u0142adow\u0105 spotka\u0144 sta\u0142a si\u0119 cz\u0119\u015b\u0107 konferencyjna, kt\u00f3ra zajmuje si\u0119 aktualnymi tematami wsp\u00f3\u0142pracy gospodarczej RC, RP i SK. Po\u015bwi\u0119cona ona by\u0142a na przyk\u0142ad priorytetom i perspektywom politycznej i gospodarczej wsp\u00f3\u0142pracy Rzeczpospolitej Polskiej, Republiki Czeskiej i S\u0142owackiej, wsparciu przemys\u0142u i przedsi\u0119biorczo\u015bci na czesko-polskim pograniczu oraz o wsp\u00f3\u0142pracy naukowo-technicznej. Niekt\u00f3re edycje konferencji uwie\u0144czy\u0142o uroczyste podpisanie memorandum dotycz\u0105ce kwestii polsko-czeskiej wsp\u00f3\u0142pracy w dziedzinach \u017cycia gospodarczego i spo\u0142ecznego.<\/p>\n<p>Spotkania Biznesu znalaz\u0142y swoje miejsce w kalendarzu wa\u017cnych czesko-polskich-s\u0142owackich wydarze\u0144 biznesowych i s\u0105 najbardziej presti\u017cow\u0105 imprez\u0105 polsko-czeskiego-s\u0142owackiego biznesu w Republice Czeskiej. Corocznie zgromadzi oko\u0142o 200 os\u00f3b, przedstawicieli biznesu, \u017cycia politycznego, instytucji oko\u0142obiznesowych, stowarzysze\u0144 i izb bran\u017cowych.<\/p>\n<p>CZPIH jest znacz\u0105c\u0105 organizacj\u0105 zrzeszaj\u0105c\u0105 podmioty gospodarcze Republiki Czeskiej i Polski nie tyko w ramach regionu, lecz tak\u017ce w wymiarze og\u00f3lnokrajowym obu s\u0105siednich pa\u0144stw. Jej celem jest bycie partnerem mi\u0119dzynarodowego biznesu i wspieranie jego rozwoju. Dzia\u0142alno\u015b\u0107 Izby nieustannie si\u0119 rozwija, jednak jej zadania nie malej\u0105. W obliczu kryzysu gospodarczego wywo\u0142anego pandemi\u0105 okazuj\u0105 si\u0119 niejednokrotnie bardziej donios\u0142e, ni\u017c w czasie jej powstania.<\/p>\n","protected":false},"excerpt":{"rendered":"<p>Gospodarcze kontakty czesko-polskie zawsze stanowi\u0142y podstaw\u0119 s\u0105siedzkich stosunk\u00f3w mi\u0119dzy Czechami i Polakami. Pomys\u0142 za\u0142o\u017cycieli Czesko-Polskiej Izby Handlowej (CZPIH) polega\u0142 na [&hellip;]<\/p>\n","protected":false},"author":1,"featured_media":1591,"parent":0,"menu_order":0,"comment_status":"closed","ping_status":"closed","template":"","meta":{"_acf_changed":false,"site-sidebar-layout":"default","site-content-layout":"","ast-site-content-layout":"default","site-content-style":"default","site-sidebar-style":"default","ast-global-header-display":"","ast-banner-title-visibility":"","ast-main-header-display":"","ast-hfb-above-header-display":"","ast-hfb-below-header-display":"","ast-hfb-mobile-header-display":"","site-post-title":"","ast-breadcrumbs-content":"","ast-featured-img":"","footer-sml-layout":"","theme-transparent-header-meta":"default","adv-header-id-meta":"","stick-header-meta":"","header-above-stick-meta":"","header-main-stick-meta":"","header-below-stick-meta":"","astra-migrate-meta-layouts":"set","ast-page-background-enabled":"default","ast-page-background-meta":{"desktop":{"background-color":"var(--ast-global-color-5)","background-image":"","background-repeat":"repeat","background-position":"center center","background-size":"auto","background-attachment":"scroll","background-type":"","background-media":"","overlay-type":"","overlay-color":"","overlay-opacity":"","overlay-gradient":""},"tablet":{"background-color":"","background-image":"","background-repeat":"repeat","background-position":"center center","background-size":"auto","background-attachment":"scroll","background-type":"","background-media":"","overlay-type":"","overlay-color":"","overlay-opacity":"","overlay-gradient":""},"mobile":{"background-color":"","background-image":"","background-repeat":"repeat","background-position":"center center","background-size":"auto","background-attachment":"scroll","background-type":"","background-media":"","overlay-type":"","overlay-color":"","overlay-opacity":"","overlay-gradient":""}},"ast-content-background-meta":{"desktop":{"background-color":"var(--ast-global-color-4)","background-image":"","background-repeat":"repeat","background-position":"center center","background-size":"auto","background-attachment":"scroll","background-type":"","background-media":"","overlay-type":"","overlay-color":"","overlay-opacity":"","overlay-gradient":""},"tablet":{"background-color":"var(--ast-global-color-4)","background-image":"","background-repeat":"repeat","background-position":"center center","background-size":"auto","background-attachment":"scroll","background-type":"","background-media":"","overlay-type":"","overlay-color":"","overlay-opacity":"","overlay-gradient":""},"mobile":{"background-color":"var(--ast-global-color-4)","background-image":"","background-repeat":"repeat","background-position":"center center","background-size":"auto","background-attachment":"scroll","background-type":"","background-media":"","overlay-type":"","overlay-color":"","overlay-opacity":"","overlay-gradient":""}},"footnotes":""},"class_list":["post-764","page","type-page","status-publish","has-post-thumbnail","hentry"],"acf":[],"_links":{"self":[{"href":"https:\/\/www.opolsku.cz\/pl\/wp-json\/wp\/v2\/pages\/764","targetHints":{"allow":["GET"]}}],"collection":[{"href":"https:\/\/www.opolsku.cz\/pl\/wp-json\/wp\/v2\/pages"}],"about":[{"href":"https:\/\/www.opolsku.cz\/pl\/wp-json\/wp\/v2\/types\/page"}],"author":[{"embeddable":true,"href":"https:\/\/www.opolsku.cz\/pl\/wp-json\/wp\/v2\/users\/1"}],"replies":[{"embeddable":true,"href":"https:\/\/www.opolsku.cz\/pl\/wp-json\/wp\/v2\/comments?post=764"}],"version-history":[{"count":3,"href":"https:\/\/www.opolsku.cz\/pl\/wp-json\/wp\/v2\/pages\/764\/revisions"}],"predecessor-version":[{"id":1593,"href":"https:\/\/www.opolsku.cz\/pl\/wp-json\/wp\/v2\/pages\/764\/revisions\/1593"}],"wp:featuredmedia":[{"embeddable":true,"href":"https:\/\/www.opolsku.cz\/pl\/wp-json\/wp\/v2\/media\/1591"}],"wp:attachment":[{"href":"https:\/\/www.opolsku.cz\/pl\/wp-json\/wp\/v2\/media?parent=764"}],"curies":[{"name":"wp","href":"https:\/\/api.w.org\/{rel}","templated":true}]}}